{"id":472,"date":"2021-03-18T13:56:22","date_gmt":"2021-03-18T13:56:22","guid":{"rendered":"https:\/\/inclusiveworkplace.eu\/sample-page\/"},"modified":"2021-12-14T11:20:15","modified_gmt":"2021-12-14T11:20:15","slug":"sample-page","status":"publish","type":"page","link":"https:\/\/inclusiveworkplace.eu\/hu\/","title":{"rendered":"F\u0151oldal"},"content":{"rendered":"<h1>Legyen \u00d6n is &#8222;Inspir\u00e1tor&#8221;<\/h1>\n<div>\u00c9p\u00edtse ki a tanul\u00e1s \u00e9s egy\u00fcttm\u0171k\u00f6d\u00e9s multigener\u00e1ci\u00f3s kult\u00far\u00e1j\u00e1t<\/div>\n<p><a href=\"#office\"><img decoding=\"async\" src=\"\/wp-content\/uploads\/company-image.svg\" alt=\"\"><\/a><\/p>\n<div>Szeretn\u00e9 az egy\u00fcttm\u0171k\u00f6d\u00e9s, a soksz\u00edn\u0171s\u00e9g \u00e9s az innov\u00e1ci\u00f3 kult\u00far\u00e1j\u00e1t ki\u00e9p\u00edteni v\u00e1llalat\u00e1ban vagy szervezet\u00e9ben?<\/p>\n<p>Sok megl\u00e9v\u0151 strat\u00e9gia l\u00e9tezik, de az INSPIRER ezen fel\u00fcl minden sz\u00fcks\u00e9ges eszk\u00f6zt is biztos\u00edt: k\u00e9pz\u00e9st, m\u00e9rhet\u0151 \u00e9rt\u00e9kel\u00e9st \u00e9s platformot a ford\u00edtott mentor\u00e1l\u00e1shoz.<\/p>\n<p>L\u00e9pjen kapcsolatba vel\u00fcnk, vagy l\u00e1togasson el blogunkba, hogy olvashasson a val\u00f3s alkalmaz\u00e1sokr\u00f3l.<\/p><\/div>\n<h2>Amit az INSPIRER k\u00edn\u00e1l:<\/h2>\n<p><img decoding=\"async\" src=\"\/wp-content\/uploads\/2021\/07\/inclusive_workplace_home1_web.jpg\" alt=\"\"><\/p>\n<h3>Multigener\u00e1ci\u00f3s munkahelyi kult\u00far\u00e1val kapcsolatos k\u00e9pz\u00e9s<\/h3>\n<div>\n<p>Ez az egyed\u00fcl\u00e1ll\u00f3 k\u00e9pz\u00e9s a gener\u00e1ci\u00f3kon \u00e1t\u00edvel\u0151 csapatokat vezet\u0151 menedzsereknek\u00e9s a hum\u00e1ner\u0151forr\u00e1s -szakembereknek sz\u00f3l, \u00e9s hasznos inform\u00e1ci\u00f3kat \u00e9s k\u00e9pz\u00e9seket ny\u00fajt a t\u00f6bbgener\u00e1ci\u00f3s kult\u00fara munkahelyi t\u00e1mogat\u00e1s\u00e1nak teljes kihaszn\u00e1l\u00e1s\u00e1hoz.<\/p>\n<p>Tanulja meg, hogyan fejlesztheti \u00e9s t\u00e1mogathatja munkav\u00e1llal\u00f3i k\u00e9pess\u00e9geit, kort\u00f3l f\u00fcggetlen\u00fcl, \u00e9s hogyan kezelheti sikeresen a t\u00f6bbgener\u00e1ci\u00f3s csapatokat.<\/p>\n<\/div>\n<p>\n    <a href=\"\/hu\/services\/\">Olvassa tov\u00e1bb<\/a>\n<\/p>\n<h3>360\u00ba \u00e9rt\u00e9kel\u00e9si eszk\u00f6z multigener\u00e1ci\u00f3s munkahelyi kult\u00fara m\u00e9r\u00e9s\u00e9re<\/h3>\n<div>\n<p>Az eszk\u00f6z holisztikus megk\u00f6zel\u00edt\u00e9st biztos\u00edt a v\u00e1llalat kult\u00far\u00e1j\u00e1nak \u00e9rt\u00e9kel\u00e9s\u00e9hez. Seg\u00edti a vezet\u0151it \u00e9s alkalmazottait (55 \u00e9v felett \u00e9s alatt) a t\u00f6bbgener\u00e1ci\u00f3s munkahelyet alkot\u00f3 elemek m\u00e9r\u00e9s\u00e9ben.<\/p>\n<p>Ezenk\u00edv\u00fcl javaslatokat \u00e9s ir\u00e1nyelveket is tartalmaz arra vonatkoz\u00f3an, hogy a felek mit hajtsanak v\u00e9gre a gener\u00e1ci\u00f3k k\u00f6z\u00f6tti egy\u00fcttm\u0171k\u00f6d\u00e9s fokoz\u00e1sa \u00e9rdek\u00e9ben.<\/p>\n<p>Minden k\u00e9pz\u00e9si r\u00e9sz el\u0151tt \u00e9s ut\u00e1n haszn\u00e1lhat\u00f3 a hat\u00e1s \u00e9s az eredm\u00e9nyek \u00e9rt\u00e9kel\u00e9s\u00e9re.<\/p>\n<\/div>\n<p>\n    <a href=\"\/hu\/services\/\">Olvassa tov\u00e1bb<\/a>\n<\/p>\n<p><img decoding=\"async\" src=\"\/wp-content\/uploads\/2021\/07\/inclusive_workplace_home2_web.jpg\" alt=\"\"><br \/>\n<img decoding=\"async\" src=\"\/wp-content\/uploads\/2021\/07\/inclusive_workplace_home3_web.jpg\" alt=\"\"><\/p>\n<h3>Gener\u00e1ci\u00f3k k\u00f6z\u00f6tti\/ ford\u00edtott mentor\u00e1l\u00e1s<\/h3>\n<div>\n<p>Ez a platform \u00e9rt\u00e9kes eszk\u00f6z a ford\u00edtott mentor\u00e1l\u00e1s megval\u00f3s\u00edt\u00e1s\u00e1hoz v\u00e1llalat\u00e1ban vagy szervezet\u00e9ben.<\/p>\n<p>Biztons\u00e1gos helyk\u00e9nt m\u0171k\u00f6dik, ahol a fiatalabb \u00e9s az id\u0151sebb munkav\u00e1llal\u00f3kat \u00f6ssze lehet kapcsolni, hogy mentor\u00e1l\u00e1st biztos\u00edtsanak az \u00faj technol\u00f3gi\u00e1kr\u00f3l \u00e9s szakter\u00fcletekr\u0151l, valamint megoszthass\u00e1k tapasztalataikat.<\/p>\n<p>Az id\u0151sebb munkav\u00e1llal\u00f3k profit\u00e1lhatnak a fiatalabbak digit\u00e1lis k\u00e9szs\u00e9gekkel kapcsolatos szak\u00e9rtelm\u00e9b\u0151l, a fiatalabbak pedig betekint\u00e9st kapnak a kommunik\u00e1ci\u00f3ba \u00e9s m\u00e1s sz\u00fcks\u00e9ges k\u00e9szs\u00e9gekbe.<\/p>\n<\/div>\n<p>\n    <a href=\"\/hu\/services\/\">Olvassa tov\u00e1bb<\/a>\n<\/p>\n<hr>\n<h1>T\u00f6ltse le az Inspirer projektet bemutat\u00f3 kiadv\u00e1nyunkat<\/h1>\n<p>\n    <a href=\"\/wp-content\/uploads\/2021\/12\/INSPIRER_leaflet_hu.pdf\">Let\u00f6lt\u00e9s dpf<\/a>\n<\/p>\n<hr>\n<h1>Iratkozzon fel h\u00edrlevel\u00fcnkre!<\/h1>\n<div>\n<p>INSPIRER projekt &#8211; Befogad\u00f3 munkahelyek id\u0151s\u00f6d\u0151 munkav\u00e1llal\u00f3knak [2020-1-SK01-KA204-078253]<\/p>\n<\/div>\n<div>\n<p>Az Eur\u00f3pai Bizotts\u00e1g t\u00e1mogat\u00e1st ny\u00fajtott ennek a projektnek a k\u00f6lts\u00e9geihez. Ez a kiadv\u00e1ny (weoldal) a szerz\u0151 n\u00e9zeteit t\u00fckr\u00f6zi, \u00e9s az Eur\u00f3pai Bizotts\u00e1g nem tehet\u0151 felel\u0151ss\u00e9 az abban foglaltak b\u00e1rminem\u0171 felhaszn\u00e1l\u00e1s\u00e9rt.<\/p>\n<\/div>\n<p><img decoding=\"async\" src=\"\/wp-content\/uploads\/2021\/08\/logosbeneficaireserasmusright_hu_0.jpg\" alt=\"\"><\/p>\n<p><!--more--><br \/>\n<!-- {\"name\":\"Company\",\"type\":\"layout\",\"children\":[{\"name\":\"Hero\",\"type\":\"section\",\"props\":{\"style\":\"default\",\"width\":\"default\",\"vertical_align\":\"middle\",\"title_position\":\"top-left\",\"title_rotation\":\"left\",\"title_breakpoint\":\"xl\",\"image_position\":\"top-center\",\"image\":\"wp-content\\\/uploads\\\/2021\\\/03\\\/inspirer_home_2.jpg\",\"height\":\"percent\",\"header_transparent_noplaceholder\":true,\"text_color\":\"light\",\"image_size\":\"cover\",\"overlap\":true,\"image_width\":\"2560\",\"animation\":\"fade\",\"media_overlay\":\"rgba(0, 0, 0, 0.5)\",\"padding_remove_bottom\":false},\"children\":[{\"name\":\"\",\"type\":\"row\",\"children\":[{\"name\":\"\",\"type\":\"column\",\"props\":{\"image_position\":\"center-center\",\"media_overlay_gradient\":\"\",\"width_medium\":\"1-1\"},\"children\":[{\"name\":\"\",\"type\":\"headline\",\"props\":{\"title_element\":\"h1\",\"content\":\"Legyen \\u00d6n is \\\"Inspir\\u00e1tor\\\"\",\"title_style\":\"heading-medium\",\"text_align\":\"right\",\"margin\":\"small\"}},{\"name\":\"\",\"type\":\"headline\",\"props\":{\"title_element\":\"div\",\"content\":\"\\u00c9p\\u00edtse ki a tanul\\u00e1s \\u00e9s egy\\u00fcttm\\u0171k\\u00f6d\\u00e9s multigener\\u00e1ci\\u00f3s kult\\u00far\\u00e1j\\u00e1t\",\"title_style\":\"h3\",\"margin\":\"remove-vertical\",\"text_align\":\"right\"}}]}],\"props\":{\"margin_remove_bottom\":false}}]},{\"name\":\"Image\",\"type\":\"section\",\"props\":{\"style\":\"default\",\"width\":\"default\",\"vertical_align\":\"middle\",\"title_position\":\"top-left\",\"title_rotation\":\"left\",\"title_breakpoint\":\"xl\",\"image_position\":\"center-center\",\"padding\":\"none\",\"id\":\"office\",\"animation\":\"slide-bottom-medium\"},\"children\":[{\"name\":\"\",\"type\":\"row\",\"children\":[{\"name\":\"\",\"type\":\"column\",\"props\":{\"image_position\":\"center-center\",\"media_overlay_gradient\":\"\",\"text_color\":\"light\",\"width_medium\":\"1-1\"},\"children\":[{\"name\":\"\",\"type\":\"image\",\"props\":{\"margin\":\"small\",\"image\":\"wp-content\\\/uploads\\\/company-image.svg\",\"text_align\":\"right\",\"animation\":\"parallax\",\"parallax_y_start\":\"-130\",\"parallax_y_end\":\"-200\",\"visibility\":\"m\",\"link\":\"#office\",\"image_svg_color\":\"emphasis\",\"image_svg_inline\":true}}]}],\"props\":{\"margin_remove_bottom\":true}}]},{\"name\":\"Office\",\"type\":\"section\",\"props\":{\"style\":\"default\",\"width\":\"default\",\"vertical_align\":\"middle\",\"title_position\":\"top-left\",\"title_rotation\":\"left\",\"title_breakpoint\":\"xl\",\"image_position\":\"center-center\",\"padding_remove_top\":false,\"image\":\"\",\"image_size\":\"contain\",\"image_effect\":\"parallax\",\"image_parallax_bgy_start\":\"50\",\"image_parallax_bgy_end\":\"-50\",\"padding\":\"xsmall\",\"animation\":\"slide-bottom-medium\",\"animation_delay\":\"200\",\"media_visibility\":\"m\",\"padding_remove_bottom\":false},\"children\":[{\"name\":\"\",\"type\":\"row\",\"children\":[{\"name\":\"\",\"type\":\"column\",\"props\":{\"image_position\":\"center-center\",\"media_overlay_gradient\":\"\",\"width_medium\":\"1-1\"},\"children\":[{\"name\":\"\",\"type\":\"headline\",\"props\":{\"title_element\":\"div\",\"content\":\"Szeretn\\u00e9 az egy\\u00fcttm\\u0171k\\u00f6d\\u00e9s, a soksz\\u00edn\\u0171s\\u00e9g \\u00e9s az innov\\u00e1ci\\u00f3 kult\\u00far\\u00e1j\\u00e1t ki\\u00e9p\\u00edteni v\\u00e1llalat\\u00e1ban vagy szervezet\\u00e9ben?<br \\\/><br \\\/>Sok megl\\u00e9v\\u0151 strat\\u00e9gia l\\u00e9tezik, de az INSPIRER ezen fel\\u00fcl minden sz\\u00fcks\\u00e9ges eszk\\u00f6zt is biztos\\u00edt: k\\u00e9pz\\u00e9st, m\\u00e9rhet\\u0151 \\u00e9rt\\u00e9kel\\u00e9st \\u00e9s platformot a ford\\u00edtott mentor\\u00e1l\\u00e1shoz.<br \\\/><br \\\/>L\\u00e9pjen kapcsolatba vel\\u00fcnk, vagy l\\u00e1togasson el blogunkba, hogy olvashasson a val\\u00f3s alkalmaz\\u00e1sokr\\u00f3l.\",\"text_align\":\"center\",\"title_style\":\"h3\",\"block_align\":\"center\",\"margin_remove_top\":true,\"margin\":\"remove-vertical\"}}]}]},{\"type\":\"row\",\"props\":{\"margin_remove_bottom\":true,\"margin\":\"large\"},\"children\":[{\"type\":\"column\",\"props\":{\"image_position\":\"center-center\",\"media_overlay_gradient\":\"\"},\"children\":[{\"type\":\"headline\",\"props\":{\"title_element\":\"h2\",\"content\":\"Amit az INSPIRER k\\u00edn\\u00e1l:\",\"text_align\":\"center\",\"margin_remove_bottom\":true}}]}]},{\"name\":\"\",\"type\":\"row\",\"props\":{\"layout\":\"1-2,1-2\",\"vertical_align\":true,\"margin\":\"default\",\"column_gap\":\"large\",\"row_gap\":\"large\"},\"children\":[{\"name\":\"\",\"type\":\"column\",\"props\":{\"image_position\":\"center-center\",\"vertical_align\":\"middle\",\"media_overlay_gradient\":\"\",\"width_medium\":\"1-2\"},\"children\":[{\"type\":\"image\",\"props\":{\"margin\":\"default\",\"image_svg_color\":\"emphasis\",\"image\":\"wp-content\\\/uploads\\\/2021\\\/07\\\/inclusive_workplace_home1_web.jpg\",\"image_border\":\"pill\",\"image_box_decoration\":\"shadow\"}}]},{\"name\":\"\",\"type\":\"column\",\"props\":{\"image_position\":\"center-center\",\"vertical_align\":\"middle\",\"media_overlay_gradient\":\"\",\"width_medium\":\"1-2\"},\"children\":[{\"name\":\"\",\"type\":\"headline\",\"props\":{\"title_element\":\"h3\",\"content\":\"Multigener\\u00e1ci\\u00f3s munkahelyi kult\\u00far\\u00e1val kapcsolatos k\\u00e9pz\\u00e9s\",\"margin\":\"medium\",\"margin_remove_top\":true,\"text_align\":\"left\",\"text_align_breakpoint\":\"m\",\"text_align_fallback\":\"center\"}},{\"name\":\"\",\"type\":\"text\",\"props\":{\"margin\":\"default\",\"column_breakpoint\":\"m\",\"content\":\"\n\n<p>Ez az egyed\\u00fcl\\u00e1ll\\u00f3 k\\u00e9pz\\u00e9s a gener\\u00e1ci\\u00f3kon \\u00e1t\\u00edvel\\u0151 csapatokat vezet\\u0151 menedzsereknek\\u00e9s a hum\\u00e1ner\\u0151forr\\u00e1s -szakembereknek sz\\u00f3l, \\u00e9s hasznos inform\\u00e1ci\\u00f3kat \\u00e9s k\\u00e9pz\\u00e9seket ny\\u00fajt a t\\u00f6bbgener\\u00e1ci\\u00f3s kult\\u00fara munkahelyi t\\u00e1mogat\\u00e1s\\u00e1nak teljes kihaszn\\u00e1l\\u00e1s\\u00e1hoz.<\\\/p>\\n\n\n<p>Tanulja meg, hogyan fejlesztheti \\u00e9s t\\u00e1mogathatja munkav\\u00e1llal\\u00f3i k\\u00e9pess\\u00e9geit, kort\\u00f3l f\\u00fcggetlen\\u00fcl, \\u00e9s hogyan kezelheti sikeresen a t\\u00f6bbgener\\u00e1ci\\u00f3s csapatokat.<\\\/p>\",\"text_align\":\"left\",\"text_align_breakpoint\":\"m\",\"text_align_fallback\":\"center\",\"maxwidth_breakpoint\":\"s\",\"block_align\":\"center\"}},{\"type\":\"button\",\"props\":{\"grid_column_gap\":\"small\",\"grid_row_gap\":\"small\",\"margin\":\"default\"},\"children\":[{\"type\":\"button_item\",\"props\":{\"button_style\":\"primary\",\"icon_align\":\"left\",\"content\":\"Olvassa tov\\u00e1bb\",\"link\":\"\\\/hu\\\/services\\\/\"}}]}]}]},{\"name\":\"\",\"type\":\"row\",\"props\":{\"layout\":\"1-2,1-2\",\"vertical_align\":true,\"margin\":\"xlarge\",\"column_gap\":\"large\",\"row_gap\":\"large\"},\"children\":[{\"name\":\"\",\"type\":\"column\",\"props\":{\"image_position\":\"center-center\",\"vertical_align\":\"middle\",\"media_overlay_gradient\":\"\",\"width_medium\":\"1-2\"},\"children\":[{\"name\":\"\",\"type\":\"headline\",\"props\":{\"title_element\":\"h3\",\"content\":\"360\\u00ba \\u00e9rt\\u00e9kel\\u00e9si eszk\\u00f6z multigener\\u00e1ci\\u00f3s munkahelyi kult\\u00fara m\\u00e9r\\u00e9s\\u00e9re\",\"margin\":\"medium\",\"margin_remove_top\":true,\"text_align\":\"left\",\"text_align_breakpoint\":\"m\",\"text_align_fallback\":\"center\"}},{\"name\":\"\",\"type\":\"text\",\"props\":{\"margin\":\"default\",\"column_breakpoint\":\"m\",\"content\":\"\n\n<p>Az eszk\\u00f6z holisztikus megk\\u00f6zel\\u00edt\\u00e9st biztos\\u00edt a v\\u00e1llalat kult\\u00far\\u00e1j\\u00e1nak \\u00e9rt\\u00e9kel\\u00e9s\\u00e9hez. Seg\\u00edti a vezet\\u0151it \\u00e9s alkalmazottait (55 \\u00e9v felett \\u00e9s alatt) a t\\u00f6bbgener\\u00e1ci\\u00f3s munkahelyet alkot\\u00f3 elemek m\\u00e9r\\u00e9s\\u00e9ben.<\\\/p>\\n\n\n<p>Ezenk\\u00edv\\u00fcl javaslatokat \\u00e9s ir\\u00e1nyelveket is tartalmaz arra vonatkoz\\u00f3an, hogy a felek mit hajtsanak v\\u00e9gre a gener\\u00e1ci\\u00f3k k\\u00f6z\\u00f6tti egy\\u00fcttm\\u0171k\\u00f6d\\u00e9s fokoz\\u00e1sa \\u00e9rdek\\u00e9ben.<\\\/p>\\n\n\n<p>Minden k\\u00e9pz\\u00e9si r\\u00e9sz el\\u0151tt \\u00e9s ut\\u00e1n haszn\\u00e1lhat\\u00f3 a hat\\u00e1s \\u00e9s az eredm\\u00e9nyek \\u00e9rt\\u00e9kel\\u00e9s\\u00e9re.<\\\/p>\",\"text_align\":\"left\",\"text_align_breakpoint\":\"m\",\"text_align_fallback\":\"center\",\"maxwidth_breakpoint\":\"s\",\"block_align\":\"center\"}},{\"type\":\"button\",\"props\":{\"grid_column_gap\":\"small\",\"grid_row_gap\":\"small\",\"margin\":\"default\"},\"children\":[{\"type\":\"button_item\",\"props\":{\"button_style\":\"primary\",\"icon_align\":\"left\",\"content\":\"Olvassa tov\\u00e1bb\",\"link\":\"\\\/hu\\\/services\\\/\"}}]}]},{\"name\":\"\",\"type\":\"column\",\"props\":{\"image_position\":\"center-center\",\"vertical_align\":\"middle\",\"media_overlay_gradient\":\"\",\"width_medium\":\"1-2\"},\"children\":[{\"type\":\"image\",\"props\":{\"margin\":\"default\",\"image_svg_color\":\"emphasis\",\"image\":\"wp-content\\\/uploads\\\/2021\\\/07\\\/inclusive_workplace_home2_web.jpg\",\"image_border\":\"pill\",\"image_box_decoration\":\"shadow\"}}]}]},{\"name\":\"\",\"type\":\"row\",\"props\":{\"layout\":\"1-2,1-2\",\"vertical_align\":true,\"margin\":\"default\",\"column_gap\":\"large\",\"row_gap\":\"large\"},\"children\":[{\"name\":\"\",\"type\":\"column\",\"props\":{\"image_position\":\"center-center\",\"vertical_align\":\"middle\",\"media_overlay_gradient\":\"\",\"width_medium\":\"1-2\"},\"children\":[{\"type\":\"image\",\"props\":{\"margin\":\"default\",\"image_svg_color\":\"emphasis\",\"image\":\"wp-content\\\/uploads\\\/2021\\\/07\\\/inclusive_workplace_home3_web.jpg\",\"image_border\":\"pill\",\"image_box_decoration\":\"shadow\"}}]},{\"name\":\"\",\"type\":\"column\",\"props\":{\"image_position\":\"center-center\",\"vertical_align\":\"middle\",\"media_overlay_gradient\":\"\",\"width_medium\":\"1-2\"},\"children\":[{\"name\":\"\",\"type\":\"headline\",\"props\":{\"title_element\":\"h3\",\"content\":\"Gener\\u00e1ci\\u00f3k k\\u00f6z\\u00f6tti\\\/ ford\\u00edtott mentor\\u00e1l\\u00e1s\",\"margin\":\"medium\",\"margin_remove_top\":true,\"text_align\":\"left\",\"text_align_breakpoint\":\"m\",\"text_align_fallback\":\"center\"}},{\"name\":\"\",\"type\":\"text\",\"props\":{\"margin\":\"default\",\"column_breakpoint\":\"m\",\"content\":\"\n\n<p>Ez a platform \\u00e9rt\\u00e9kes eszk\\u00f6z a ford\\u00edtott mentor\\u00e1l\\u00e1s megval\\u00f3s\\u00edt\\u00e1s\\u00e1hoz v\\u00e1llalat\\u00e1ban vagy szervezet\\u00e9ben.<\\\/p>\\n\n\n<p>Biztons\\u00e1gos helyk\\u00e9nt m\\u0171k\\u00f6dik, ahol a fiatalabb \\u00e9s az id\\u0151sebb munkav\\u00e1llal\\u00f3kat \\u00f6ssze lehet kapcsolni, hogy mentor\\u00e1l\\u00e1st biztos\\u00edtsanak az \\u00faj technol\\u00f3gi\\u00e1kr\\u00f3l \\u00e9s szakter\\u00fcletekr\\u0151l, valamint megoszthass\\u00e1k tapasztalataikat.<\\\/p>\\n\n\n<p>Az id\\u0151sebb munkav\\u00e1llal\\u00f3k profit\\u00e1lhatnak a fiatalabbak digit\\u00e1lis k\\u00e9szs\\u00e9gekkel kapcsolatos szak\\u00e9rtelm\\u00e9b\\u0151l, a fiatalabbak pedig betekint\\u00e9st kapnak a kommunik\\u00e1ci\\u00f3ba \\u00e9s m\\u00e1s sz\\u00fcks\\u00e9ges k\\u00e9szs\\u00e9gekbe.<\\\/p>\",\"text_align\":\"left\",\"text_align_breakpoint\":\"m\",\"text_align_fallback\":\"center\",\"maxwidth_breakpoint\":\"s\",\"block_align\":\"center\"}},{\"type\":\"button\",\"props\":{\"grid_column_gap\":\"small\",\"grid_row_gap\":\"small\",\"margin\":\"default\"},\"children\":[{\"type\":\"button_item\",\"props\":{\"button_style\":\"primary\",\"icon_align\":\"left\",\"content\":\"Olvassa tov\\u00e1bb\",\"link\":\"\\\/hu\\\/services\\\/\"}}]}]}]},{\"type\":\"row\",\"children\":[{\"type\":\"column\",\"props\":{\"image_position\":\"center-center\",\"media_overlay_gradient\":\"\"},\"children\":[{\"type\":\"divider\",\"props\":{\"divider_element\":\"hr\"}},{\"type\":\"headline\",\"props\":{\"title_element\":\"h1\",\"text_align\":\"center\",\"content\":\"T\\u00f6ltse le az Inspirer projektet bemutat\\u00f3 kiadv\\u00e1nyunkat\"}},{\"type\":\"button\",\"props\":{\"grid_column_gap\":\"small\",\"grid_row_gap\":\"small\",\"margin\":\"default\",\"text_align\":\"center\"},\"children\":[{\"type\":\"button_item\",\"props\":{\"button_style\":\"primary\",\"icon_align\":\"left\",\"content\":\"Let\\u00f6lt\\u00e9s dpf\",\"link\":\"wp-content\\\/uploads\\\/2021\\\/12\\\/INSPIRER_leaflet_hu.pdf\",\"link_target\":\"blank\"}}]}]}]},{\"type\":\"row\",\"children\":[{\"type\":\"column\",\"props\":{\"image_position\":\"center-center\",\"media_overlay_gradient\":\"\"},\"children\":[{\"type\":\"divider\",\"props\":{\"divider_element\":\"hr\"}}]}]},{\"type\":\"row\",\"props\":{\"layout\":\"1-2,1-2\",\"margin\":\"large\"},\"children\":[{\"type\":\"column\",\"props\":{\"image_position\":\"center-center\",\"media_overlay_gradient\":\"\",\"width_medium\":\"1-2\"},\"children\":[{\"type\":\"headline\",\"props\":{\"title_element\":\"h1\",\"content\":\"Iratkozzon fel h\\u00edrlevel\\u00fcnkre!\"}}]},{\"type\":\"column\",\"props\":{\"image_position\":\"center-center\",\"media_overlay_gradient\":\"\",\"width_medium\":\"1-2\"},\"children\":[{\"type\":\"newsletter\",\"props\":{\"layout\":\"grid\",\"show_name\":false,\"label_first_name\":\"First name\",\"label_last_name\":\"Last name\",\"label_email\":\"Email-c\\u00edm\",\"label_button\":\"Feliratkozom\",\"provider\":{\"name\":\"mailchimp\",\"after_submit\":\"message\",\"message\":\"You've been subscribed successfully.\",\"redirect\":\"\"},\"mailchimp\":{\"client_id\":\"\",\"list_id\":\"621f9adef6\",\"double_optin\":true},\"cmonitor\":{\"client_id\":\"\",\"list_id\":\"\"},\"button_mode\":\"button\",\"button_style\":\"secondary\",\"button_icon\":\"mail\",\"form_size\":\"\"}}]}]}]},{\"type\":\"section\",\"props\":{\"style\":\"default\",\"width\":\"default\",\"vertical_align\":\"middle\",\"title_position\":\"top-left\",\"title_rotation\":\"left\",\"title_breakpoint\":\"xl\",\"image_position\":\"center-center\"},\"children\":[{\"type\":\"row\",\"props\":{\"layout\":\"1-2,1-2\"},\"children\":[{\"type\":\"column\",\"props\":{\"image_position\":\"center-center\",\"media_overlay_gradient\":\"\",\"width_medium\":\"1-2\"},\"children\":[{\"type\":\"text\",\"props\":{\"margin\":\"default\",\"column_breakpoint\":\"m\",\"content\":\"\n\n<p>INSPIRER projekt - Befogad\\u00f3 munkahelyek id\\u0151s\\u00f6d\\u0151 munkav\\u00e1llal\\u00f3knak [2020-1-SK01-KA204-078253]<\\\/p>\",\"text_style\":\"meta\",\"text_color\":\"emphasis\"},\"modified\":\"2021-08-03T10:12:06.747Z\",\"name\":\"footer 1 hu\"},{\"type\":\"text\",\"props\":{\"margin\":\"default\",\"column_breakpoint\":\"m\",\"content\":\"\n\n<p>Az Eur\\u00f3pai Bizotts\\u00e1g t\\u00e1mogat\\u00e1st ny\\u00fajtott ennek a projektnek a k\\u00f6lts\\u00e9geihez. Ez a kiadv\\u00e1ny (weoldal) a szerz\\u0151 n\\u00e9zeteit t\\u00fckr\\u00f6zi, \\u00e9s az Eur\\u00f3pai Bizotts\\u00e1g nem tehet\\u0151 felel\\u0151ss\\u00e9 az abban foglaltak b\\u00e1rminem\\u0171 felhaszn\\u00e1l\\u00e1s\\u00e9rt.<\\\/p>\",\"text_style\":\"meta\",\"text_color\":\"emphasis\"},\"modified\":\"2021-08-03T10:12:24.490Z\",\"name\":\"footer 2 hu\"}]},{\"type\":\"column\",\"props\":{\"image_position\":\"center-center\",\"media_overlay_gradient\":\"\",\"width_medium\":\"1-2\"},\"children\":[{\"type\":\"image\",\"props\":{\"margin\":\"default\",\"image_svg_color\":\"emphasis\",\"image\":\"wp-content\\\/uploads\\\/2021\\\/08\\\/logosbeneficaireserasmusright_hu_0.jpg\",\"image_width\":\"400\",\"text_align\":\"center\"},\"modified\":\"2021-08-03T10:12:30.382Z\",\"name\":\"footer 3 hu\"}]}]}]}],\"version\":\"2.5.8\"} --><\/p>\n","protected":false},"excerpt":{"rendered":"<p>Legyen \u00d6n is &#8222;Inspir\u00e1tor&#8221; \u00c9p\u00edtse ki a tanul\u00e1s \u00e9s egy\u00fcttm\u0171k\u00f6d\u00e9s multigener\u00e1ci\u00f3s kult\u00far\u00e1j\u00e1t Szeretn\u00e9 az egy\u00fcttm\u0171k\u00f6d\u00e9s, a soksz\u00edn\u0171s\u00e9g \u00e9s az innov\u00e1ci\u00f3 kult\u00far\u00e1j\u00e1t ki\u00e9p\u00edteni v\u00e1llalat\u00e1ban vagy szervezet\u00e9ben? Sok megl\u00e9v\u0151 strat\u00e9gia l\u00e9tezik, de az INSPIRER ezen fel\u00fcl minden sz\u00fcks\u00e9ges eszk\u00f6zt is biztos\u00edt: k\u00e9pz\u00e9st, m\u00e9rhet\u0151 \u00e9rt\u00e9kel\u00e9st \u00e9s platformot a ford\u00edtott mentor\u00e1l\u00e1shoz. L\u00e9pjen kapcsolatba vel\u00fcnk, vagy l\u00e1togasson el blogunkba, hogy [&hellip;]<\/p>\n","protected":false},"author":1,"featured_media":0,"parent":0,"menu_order":0,"comment_status":"closed","ping_status":"open","template":"","meta":[],"_links":{"self":[{"href":"https:\/\/inclusiveworkplace.eu\/hu\/wp-json\/wp\/v2\/pages\/472"}],"collection":[{"href":"https:\/\/inclusiveworkplace.eu\/hu\/wp-json\/wp\/v2\/pages"}],"about":[{"href":"https:\/\/inclusiveworkplace.eu\/hu\/wp-json\/wp\/v2\/types\/page"}],"author":[{"embeddable":true,"href":"https:\/\/inclusiveworkplace.eu\/hu\/wp-json\/wp\/v2\/users\/1"}],"replies":[{"embeddable":true,"href":"https:\/\/inclusiveworkplace.eu\/hu\/wp-json\/wp\/v2\/comments?post=472"}],"version-history":[{"count":9,"href":"https:\/\/inclusiveworkplace.eu\/hu\/wp-json\/wp\/v2\/pages\/472\/revisions"}],"predecessor-version":[{"id":1054,"href":"https:\/\/inclusiveworkplace.eu\/hu\/wp-json\/wp\/v2\/pages\/472\/revisions\/1054"}],"wp:attachment":[{"href":"https:\/\/inclusiveworkplace.eu\/hu\/wp-json\/wp\/v2\/media?parent=472"}],"curies":[{"name":"wp","href":"https:\/\/api.w.org\/{rel}","templated":true}]}}